{"id":221,"date":"2017-07-19T10:40:51","date_gmt":"2017-07-19T08:40:51","guid":{"rendered":"http:\/\/kremsmuenster.action.at\/symposium\/?page_id=221"},"modified":"2023-07-05T08:40:03","modified_gmt":"2023-07-05T06:40:03","slug":"studie","status":"publish","type":"page","link":"http:\/\/kremsmuenster.action.at\/symposium\/studie\/","title":{"rendered":"Studie"},"content":{"rendered":"<p><a href=\"http:\/\/kremsmuenster.action.at\/symposium\/wp-content\/uploads\/2017\/07\/ipp_studie.jpg\"><img loading=\"lazy\" decoding=\"async\" class=\"alignleft size-medium wp-image-224\" src=\"http:\/\/kremsmuenster.action.at\/symposium\/wp-content\/uploads\/2017\/07\/ipp_studie-211x300.jpg\" alt=\"Schweigen - Aufdeckung - Aufarbeitung\" width=\"211\" height=\"300\" srcset=\"http:\/\/kremsmuenster.action.at\/symposium\/wp-content\/uploads\/2017\/07\/ipp_studie-211x300.jpg 211w, http:\/\/kremsmuenster.action.at\/symposium\/wp-content\/uploads\/2017\/07\/ipp_studie-722x1024.jpg 722w, http:\/\/kremsmuenster.action.at\/symposium\/wp-content\/uploads\/2017\/07\/ipp_studie.jpg 761w\" sizes=\"auto, (max-width: 211px) 100vw, 211px\" \/><\/a><\/p>\n<p>Das Institut f\u00fcr Praxisforschung und Projektberatung <a href=\"http:\/\/www.ipp-muenchen.de\/\">IPP M\u00fcnchen<\/a> hat im Jahr 2015 eine unter der Leitung des Sozialwissenschaftlers Prof. Dr. Heiner Keupp erstellte Studie zur Causa Kremsm\u00fcnster mit dem Titel &#8222;<strong>Schweigen &#8211; Aufdeckung &#8211; Aufarbeitung: Sexualisierte, psychische und physische Gewalt in Konvikt und Gymnasium des Benediktinerstifts Kremsm\u00fcnster<\/strong>&#8220; ver\u00f6ffentlicht. Die Studie ist seit 2016 auch als <a href=\"https:\/\/www.springer.com\/de\/book\/9783658146535\">Buch im Springer Verlag<\/a> erh\u00e4ltlich, <!-- die Originalfassung ist auf der Webseite des Stifts Kremsm\u00fcnster noch als <a href=\"https:\/\/stiftkremsmuenster.files.wordpress.com\/2015\/03\/bericht-kremsmuenster-ipp-issn-1614-3159-nr-11.pdf\">PDF Download<\/a> verf\u00fcgbar, -->der zusammenfassende Pressetext zur Ver\u00f6ffentlichung ist hier als <a href=\"http:\/\/kremsmuenster.action.at\/symposium\/wp-content\/uploads\/2023\/07\/ipp_pressetext_kremsmuenster.pdf\">PDF Download<\/a> abrufbar.<\/p>\n<p>Mit diesem Buch wird eine sozialwissenschaftliche Studie zu Ursachen und Folgen des \u00fcber Jahrzehnte anhaltenden Missbrauchs im \u00f6sterreichischen Benediktinerstift Kremsm\u00fcnster vorgelegt. In Deutschland und \u00d6sterreich haben Kinder und Jugendliche \u00fcber Jahrzehnte in Eliteinternaten traumatisierende Erfahrungen mit schwarzer P\u00e4dagogik und sexualisierter Gewalt gemacht. Ringe des Schweigens und der Scham wurden um diese mehrheitlich an Jungen ausge\u00fcbte Gewalt gelegt und haben die Aufarbeitung \u00fcber Jahre verhindert. Diese hat nun endlich begonnen und wird sowohl als individuelles Leid thematisiert, aber es ist auch ein gesellschaftlich-institutionelles Thema. Mit dieser Studie soll am Beispiel des Benediktinerstifts in Kremsm\u00fcnster gezeigt werden, dass auch der Forschung eine wichtige Rolle bei der Aufarbeitung zukommt.<\/p>\n<p>Prof. Dr. Heiner Keupp ist emeritierter Hochschullehrer an der Universit\u00e4t M\u00fcnchen, lehrt gegenw\u00e4rtig an der Freien Universit\u00e4t Bozen. Dr. Peter Mosser arbeitet f\u00fcr Kinderschutz M\u00fcnchen. Wolfgang Gm\u00fcr, Gerhard Hackenschmied und Dr. Florian Straus sind am Institut f\u00fcr Praxisforschung und Projektberatung (IPP) M\u00fcnchen t\u00e4tig.<\/p>\n","protected":false},"excerpt":{"rendered":"<p>Das Institut f\u00fcr Praxisforschung und Projektberatung IPP M\u00fcnchen hat im Jahr 2015 eine unter der Leitung des Sozialwissenschaftlers Prof. Dr. Heiner Keupp erstellte Studie zur Causa Kremsm\u00fcnster mit dem Titel &#8222;Schweigen &#8211; Aufdeckung &#8211; Aufarbeitung: Sexualisierte, psychische und physische Gewalt &hellip; <a class=\"more-link\" href=\"http:\/\/kremsmuenster.action.at\/symposium\/studie\/\">Weiterlesen <span class=\"meta-nav\">&rarr;<\/span><\/a><\/p>\n","protected":false},"author":1,"featured_media":0,"parent":0,"menu_order":0,"comment_status":"closed","ping_status":"open","template":"","meta":{"footnotes":""},"class_list":["post-221","page","type-page","status-publish","hentry"],"jetpack_sharing_enabled":true,"_links":{"self":[{"href":"http:\/\/kremsmuenster.action.at\/symposium\/wp-json\/wp\/v2\/pages\/221","targetHints":{"allow":["GET"]}}],"collection":[{"href":"http:\/\/kremsmuenster.action.at\/symposium\/wp-json\/wp\/v2\/pages"}],"about":[{"href":"http:\/\/kremsmuenster.action.at\/symposium\/wp-json\/wp\/v2\/types\/page"}],"author":[{"embeddable":true,"href":"http:\/\/kremsmuenster.action.at\/symposium\/wp-json\/wp\/v2\/users\/1"}],"replies":[{"embeddable":true,"href":"http:\/\/kremsmuenster.action.at\/symposium\/wp-json\/wp\/v2\/comments?post=221"}],"version-history":[{"count":13,"href":"http:\/\/kremsmuenster.action.at\/symposium\/wp-json\/wp\/v2\/pages\/221\/revisions"}],"predecessor-version":[{"id":277,"href":"http:\/\/kremsmuenster.action.at\/symposium\/wp-json\/wp\/v2\/pages\/221\/revisions\/277"}],"wp:attachment":[{"href":"http:\/\/kremsmuenster.action.at\/symposium\/wp-json\/wp\/v2\/media?parent=221"}],"curies":[{"name":"wp","href":"https:\/\/api.w.org\/{rel}","templated":true}]}}