{"id":158,"date":"2013-03-03T15:53:44","date_gmt":"2013-03-03T13:53:44","guid":{"rendered":"http:\/\/www.neukremsmuensterer.at\/symposium\/?page_id=158"},"modified":"2023-04-13T17:20:22","modified_gmt":"2023-04-13T15:20:22","slug":"organisation","status":"publish","type":"page","link":"http:\/\/kremsmuenster.action.at\/symposium\/organisation\/","title":{"rendered":"Organisation"},"content":{"rendered":"<p><a name=\"1\"><\/a><\/p>\n<h2>Univ.-Prof. Dr. Martin Kaltenbrunner<\/h2>\n<p><a href=\"http:\/\/modin.yuri.at\/\">Martin Kaltenbrunner<\/a> (*1972) ist Professor am Institut f\u00fcr Medien der Kunstuniversit\u00e4t Linz. Vor seiner R\u00fcckkehr nach \u00d6sterreich forschte und lehrte der Wissenschaftler an der Universit\u00e4t Pompeu Fabra in Barcelona sowie weiteren europ\u00e4ischen Universit\u00e4ten und Forschungseinrichtungen wie dem MIT Medialab Europe in Dublin. Als Mitbegr\u00fcnder von Reactable Systems arbeitete er vorrangig am Interaktionsdesign des elektronischen Musikinstruments Reactable, und wurde daf\u00fcr unter Anderem mit der Goldenen Nica beim Prix Ars Electronica 2008 ausgezeichnet. Als kritischer Absolvent des Stiftsgymnasiums Kremsm\u00fcnster (Matura 1990) engagiert er sich seit 2010 f\u00fcr die Aufkl\u00e4rung und Aufarbeitung der Causa Kremsm\u00fcnster.<\/p>\n<p>&nbsp;<\/p>\n<hr align=\"LEFT\" noshade=\"noshade\" size=\"10\" width=\"50%\" \/>\n<p>&nbsp;<\/p>\n<p><a name=\"2\"><\/a><\/p>\n<h2>Mag. Wiltrud Katherina Hackl<\/h2>\n<p><a href=\"http:\/\/wiltrudhackl.blogspot.co.at\/\">Wiltrud Hackl <\/a>(*1969) lebt seit 1997 in Linz, davor in Wien. T\u00e4tig als freie Journalistin und Redakteurin f\u00fcr Fernsehanstalten und Printmedien sowie als Gestalterin von Dokumentationen, Autorin, Moderatorin, Sprecherin. Studium u.a. an der Kunstuniversit\u00e4t Linz (Experimentelle Gestaltung), von 2007 bis 2011 ebendort Universit\u00e4tsassistentin.<\/p>\n","protected":false},"excerpt":{"rendered":"<p>Univ.-Prof. Dr. Martin Kaltenbrunner Martin Kaltenbrunner (*1972) ist Professor am Institut f\u00fcr Medien der Kunstuniversit\u00e4t Linz. Vor seiner R\u00fcckkehr nach \u00d6sterreich forschte und lehrte der Wissenschaftler an der Universit\u00e4t Pompeu Fabra in Barcelona sowie weiteren europ\u00e4ischen Universit\u00e4ten und Forschungseinrichtungen wie &hellip; <a class=\"more-link\" href=\"http:\/\/kremsmuenster.action.at\/symposium\/organisation\/\">Weiterlesen <span class=\"meta-nav\">&rarr;<\/span><\/a><\/p>\n","protected":false},"author":1,"featured_media":0,"parent":0,"menu_order":0,"comment_status":"closed","ping_status":"open","template":"","meta":{"footnotes":""},"class_list":["post-158","page","type-page","status-publish","hentry"],"jetpack_sharing_enabled":true,"_links":{"self":[{"href":"http:\/\/kremsmuenster.action.at\/symposium\/wp-json\/wp\/v2\/pages\/158","targetHints":{"allow":["GET"]}}],"collection":[{"href":"http:\/\/kremsmuenster.action.at\/symposium\/wp-json\/wp\/v2\/pages"}],"about":[{"href":"http:\/\/kremsmuenster.action.at\/symposium\/wp-json\/wp\/v2\/types\/page"}],"author":[{"embeddable":true,"href":"http:\/\/kremsmuenster.action.at\/symposium\/wp-json\/wp\/v2\/users\/1"}],"replies":[{"embeddable":true,"href":"http:\/\/kremsmuenster.action.at\/symposium\/wp-json\/wp\/v2\/comments?post=158"}],"version-history":[{"count":13,"href":"http:\/\/kremsmuenster.action.at\/symposium\/wp-json\/wp\/v2\/pages\/158\/revisions"}],"predecessor-version":[{"id":270,"href":"http:\/\/kremsmuenster.action.at\/symposium\/wp-json\/wp\/v2\/pages\/158\/revisions\/270"}],"wp:attachment":[{"href":"http:\/\/kremsmuenster.action.at\/symposium\/wp-json\/wp\/v2\/media?parent=158"}],"curies":[{"name":"wp","href":"https:\/\/api.w.org\/{rel}","templated":true}]}}